{"id":851,"date":"2023-06-15T00:17:22","date_gmt":"2023-06-14T16:17:22","guid":{"rendered":"https:\/\/www.generations.edu.mo\/founding-organization\/"},"modified":"2026-01-02T16:47:16","modified_gmt":"2026-01-02T08:47:16","slug":"founding-organization","status":"publish","type":"page","link":"https:\/\/www.generations.edu.mo\/pt-pt\/founding-organization\/","title":{"rendered":"Entidade Titular"},"content":{"rendered":"\n<figure class=\"wp-block-image size-full\"><img decoding=\"async\" src=\"https:\/\/generations-edu-mo.ap-south-1.linodeobjects.com\/wp-content\/uploads\/2025\/12\/bcd89454_1767087256.jpg\" alt=\"\" class=\"wp-image-6885\"\/><\/figure>\n\n\n\n<div style=\"height:46px;width:0px\" aria-hidden=\"true\" class=\"wp-block-spacer\"><\/div>\n\n\n\n<div class=\"wp-block-group is-layout-constrained wp-block-group-is-layout-constrained\">\n<div class=\"wp-block-columns are-vertically-aligned-top is-layout-flex wp-container-core-columns-is-layout-1 wp-block-columns-is-layout-flex\">\n<div class=\"wp-block-column is-vertically-aligned-top has-light-blue-bg-background-color has-background is-layout-flow wp-block-column-is-layout-flow\">\n<figure class=\"wp-block-gallery has-nested-images columns-default is-cropped has-light-blue-bg-background-color has-background wp-block-gallery-2 is-layout-flex wp-block-gallery-is-layout-flex\">\n<figure class=\"wp-block-image size-large is-style-rounded wp-duotone-unset-1\"><img decoding=\"async\" src=\"https:\/\/generations-edu-mo.ap-south-1.linodeobjects.com\/wp-content\/uploads\/2024\/08\/20670ecf_1723092101-e1736153878313.png\" alt=\"\" class=\"wp-image-2664\"\/><\/figure>\n<\/figure>\n\n\n\n<blockquote class=\"wp-block-quote is-style-plain is-layout-flow wp-block-quote-is-layout-flow\">\n<div style=\"height:12px\" aria-hidden=\"true\" class=\"wp-block-spacer\"><\/div>\n\n\n\n<p class=\"has-text-align-center has-regular-font-size\"><strong>Dr. Leonel Alves <\/strong><\/p>\n\n\n\n<p class=\"has-text-align-center\" style=\"font-size:1rem\">ACSLIM Presidente &amp; <br>Fundador da Escola Internacional Gera\u00e7\u00f5es<\/p>\n<\/blockquote>\n<\/div>\n\n\n\n<div class=\"wp-block-column is-layout-flow wp-block-column-is-layout-flow\" style=\"flex-basis:100px\"><\/div>\n\n\n\n<div class=\"wp-block-column has-light-blue-bg-background-color has-background is-layout-flow wp-block-column-is-layout-flow\">\n<figure class=\"wp-block-gallery has-nested-images columns-default is-cropped has-light-blue-bg-background-color has-background wp-block-gallery-3 is-layout-flex wp-block-gallery-is-layout-flex\">\n<figure class=\"wp-block-image size-large is-style-rounded\"><img decoding=\"async\" src=\"https:\/\/generations-edu-mo.ap-south-1.linodeobjects.com\/wp-content\/uploads\/2024\/08\/e42df33e_1723092046-e1736153908557.png\" alt=\"\" class=\"wp-image-2660\"\/><\/figure>\n<\/figure>\n\n\n\n<blockquote class=\"wp-block-quote is-style-plain is-layout-flow wp-block-quote-is-layout-flow\">\n<div style=\"height:12px\" aria-hidden=\"true\" class=\"wp-block-spacer\"><\/div>\n\n\n\n<p class=\"has-text-align-center has-regular-font-size\"><strong>Arch. Nuno Jorge<\/strong><\/p>\n\n\n\n<p class=\"has-text-align-center\" style=\"font-size:1rem\">Vice-Presidente ACSLIM &amp; <br>Fundador da Escola Internacional Gera\u00e7\u00f5es<\/p>\n<\/blockquote>\n<\/div>\n<\/div>\n<\/div>\n\n\n\n<p class=\"has-large-font-size\">A Associa\u00e7\u00e3o do Col\u00e9gio Sino-Luso Internacional de Macau (ACSLIM) foi estabelecida em 17 de Novembro de 2021, como uma entidade sem fins lucrativos dedicada a promover a educa\u00e7\u00e3o internacional em Macau. Fundada com a vis\u00e3o de criar uma ponte entre diversas culturas e tradi\u00e7\u00f5es educacionais, a ACSLIM nasceu de um compromisso coletivo entre educadores e l\u00edderes comunit\u00e1rios para oferecer um ambiente acad\u00e9mico inclusivo e inovador. Desde a sua cria\u00e7\u00e3o, a ACSLIM visa n\u00e3o apenas a excel\u00eancia acad\u00e9mica, mas tamb\u00e9m o respeito intercultural e o desenvolvimento do esp\u00edrito de cidadania global entre seus alunos, estabelecendo uma base para a aprendizagem e capacidade de lideran\u00e7a continuas ao longo da vida.<\/p>\n\n\n\n<p class=\"has-large-font-size\">Os fundadores da ACSLIM desempenharam um papel fundamental na defini\u00e7\u00e3o da trajet\u00f3ria da institui\u00e7\u00e3o. A sua dedica\u00e7\u00e3o \u00e0 inova\u00e7\u00e3o educacional fomentaram um ambiente onde os alunos s\u00e3o guiados para prosperarem num mundo complexo e interligado. A equipa de lideran\u00e7a procura continuamente cumprir com os mais elevados n\u00edveis de exig\u00eancia e excel\u00eancia integrando padr\u00f5es acad\u00e9micos rigorosos com uma educa\u00e7\u00e3o orientada por valores, garantindo que os alunos estejam equipados tanto com capacidade de pensamento cr\u00edtico bem como com uma s\u00f3lida base \u00e9tica.<\/p>\n\n\n\n<p class=\"has-large-font-size\">Ao longo da sua exist\u00eancia, a ACSLIM alcan\u00e7ou marcos educacionais significativos, incluindo a implementa\u00e7\u00e3o bem-sucedida de curr\u00edculos inovadores que enfatizam compet\u00eancias multilingues e multiculturais. A GERA\u00c7\u00d5ES investe continuamente em recursos de inovadores e no desenvolvimento profissional, refor\u00e7ando uma cultura de inova\u00e7\u00e3o e excel\u00eancia. Essa abordagem din\u00e2mica posiciona a ACSLIM como uma institui\u00e7\u00e3o l\u00edder dedicada a cultivar futuros l\u00edderes que s\u00e3o intelectualmente capazes, culturalmente conscientes e socialmente respons\u00e1veis.<\/p>\n\n\n\n<p class=\"has-large-font-size\">A Gera\u00e7\u00f5es Escola Internacional tem a honra de ser liderada pela ACSLIM e de colaborar estreitamente com os seus fundadores. Esta parceria exemplifica uma dedica\u00e7\u00e3o compartilhada para preparar jovens para contribuirem positivamente para a sociedade. Juntos, mantemos os mais altos padr\u00f5es de qualidade educacional, inova\u00e7\u00e3o e cidadania global, com o compromisso demoldar um futuro mais brilhante para Macau.<\/p>\n\n\n\n<p class=\"has-large-font-size\">A ACSLIM foi fundada por Leonel Alves (Presidente), Nuno Jorge (Vice-Presidente) e Edith Jorge (Co-Fundadora e CEO da GERA\u00c7\u00d5ES).<\/p>\n\n\n\n<p class=\"has-large-font-size\">Leonel Alberto Alves \u00e9 um advogado e not\u00e1rio privado altamente respeitado em Macau, com uma carreira jur\u00eddica que remonta a 1982, ap\u00f3s ter-se formado na Faculdade de Direito da Universidade de Lisboa. Assumiu in\u00fameros cargos p\u00fablicos, incluindo membro e Primeiro Secret\u00e1rio da Assembleia Legislativa de Macau de 1996 a 2009, diretor-adjunto do Comit\u00e9 Consultivo da Lei B\u00e1sica de Macau e membro do Conselho Executivo de Macau desde 2005 at\u00e9 aos dias de hoje. Tendo desempenhado um papel consultivo chave durante a transi\u00e7\u00e3o de Macau para Regi\u00e3o Administrativa Especial, Leonel Alves incorpora uma compreens\u00e3o profunda sobre o governo e o quadro jur\u00eddico de Macau. Reconhecido com m\u00faltiplas honras, como a Medalha de M\u00e9rito Profissional e as Medalhas de Prata e Ouro de L\u00f3tus de Honra, combina um forte sentimento de servi\u00e7o p\u00fablico com uma indiscut\u00edvel lideran\u00e7a da comunidade.<\/p>\n\n\n\n<p class=\"has-large-font-size\">Nuno M. R. Jorge, nascido em Macau numa antiga fam\u00edlia macaense, \u00e9 formado em arquitetura pela Escola Superior de Belas Artes de Lisboa e contabilista certificado. Tamb\u00e9m estudou organiza\u00e7\u00e3o empresarial e marketing e possui diversos interesses, incluindo preserva\u00e7\u00e3o do patrim\u00f3nio (pelo que foi galardoado internacionalmente pelo projecto da Pousada de S\u00e3o Tiago no in\u00edcio da sua carreria na d\u00e9cada de 80) e tecnologia. Nuno Jorge tem se envolvido activamente em organiza\u00e7\u00f5es volunt\u00e1rias e c\u00edvicas, actuando como Presidente da Cruz Vermelha de Macau de 1991 a 2001 e exercendo fun\u00e7\u00f5es de lideran\u00e7a em diversas organiza\u00e7\u00f5es internacionais e regionais, especialmente no contexto das Na\u00e7\u00f5es Unidas. O seu compromisso com o servi\u00e7o comunit\u00e1rio e a educa\u00e7\u00e3o reflectem uma dedica\u00e7\u00e3o vital\u00edcia ao desenvolvimento social e cultural de Macau.<\/p>\n\n\n\n<p class=\"has-large-font-size\">Edith Jorge, CEO da Gera\u00e7\u00f5es Escola International e co-fundadora da ACSLIM, possui experi\u00eancia em banca de investimento bem como nos sectores do jogo e hotelaria de Macau, tendo assumido cargos na supervis\u00e3o e planeamento or\u00e7amental e business development numa das concession\u00e1rias de jogo de Macau, nomeadamente no desenvolvimento de projectos em Cotai. Este conhecimento de opera\u00e7\u00f5es comerciais nesse ambiente competitivo complementa sua vis\u00e3o educacional.<\/p>\n\n\n\n<p class=\"has-large-font-size\">Co-fundou a GERA\u00c7\u00d5ES procurando de entre modelos globais de educa\u00e7\u00e3o e optando por uma abordagem \u00fanica que combina a filosofia educacional finlandesa SISU \u2014 enfatizando resili\u00eancia, bem-estar e desenvolvimento hol\u00edstico \u2014 com o curr\u00edculo do Internacional Baccalaureate (IB) para garantir o necess\u00e1rio rigor acad\u00e9mico e reconhecimento global da escola que lidera. Edith tem como objectivo formar alunos multil\u00edngues e completos, preparados para as complexidades do mundo moderno, equilibrando excel\u00eancia acad\u00e9mica com um equilibrado crescimento emocional e social.<\/p>\n\n\n\n<p class=\"has-large-font-size\">Juntos, co-fundaram a GERA\u00c7\u00d5ES sob os ausp\u00edcios da ACSLIM. A sua lideran\u00e7a combina expertise jur\u00eddico e c\u00edvico com uma sensibilidade cultural e arquitet\u00f3nica, orientando a miss\u00e3o da escola de oferecer uma educa\u00e7\u00e3o trilingue e multicultural que esteja alinhada com a vis\u00e3o de Macau como plataforma com os pa\u00edses de l\u00edngua portuguesa e de inova\u00e7\u00e3o. As suas profundas ra\u00edzes na hist\u00f3ria de Macau e o compromisso com seu desenvolvimento futuro d\u00e3o \u00e0 institui\u00e7\u00e3o uma base s\u00f3lida enraizada na tradi\u00e7\u00e3o, excel\u00eancia e inclus\u00e3o.<\/p>\n","protected":false},"excerpt":{"rendered":"<p>Dr. Leonel Alves ACSLIM Presidente &amp; Fundador da Escola Internacional Gera\u00e7\u00f5es Arch. Nuno Jorge Vice-Presidente ACSLIM &amp; Fundador da Escola Internacional Gera\u00e7\u00f5es A Associa\u00e7\u00e3o do Col\u00e9gio Sino-Luso Internacional de Macau (ACSLIM) foi estabelecida em 17 de Novembro de 2021, como uma entidade sem fins lucrativos dedicada a promover a educa\u00e7\u00e3o internacional em Macau. Fundada com [&hellip;]<\/p>\n","protected":false},"author":1,"featured_media":0,"parent":0,"menu_order":0,"comment_status":"closed","ping_status":"closed","template":"","meta":{"_acf_changed":false,"footnotes":""},"class_list":["post-851","page","type-page","status-publish","hentry"],"acf":{"banner":""},"_links":{"self":[{"href":"https:\/\/www.generations.edu.mo\/pt-pt\/wp-json\/wp\/v2\/pages\/851"}],"collection":[{"href":"https:\/\/www.generations.edu.mo\/pt-pt\/wp-json\/wp\/v2\/pages"}],"about":[{"href":"https:\/\/www.generations.edu.mo\/pt-pt\/wp-json\/wp\/v2\/types\/page"}],"author":[{"embeddable":true,"href":"https:\/\/www.generations.edu.mo\/pt-pt\/wp-json\/wp\/v2\/users\/1"}],"replies":[{"embeddable":true,"href":"https:\/\/www.generations.edu.mo\/pt-pt\/wp-json\/wp\/v2\/comments?post=851"}],"version-history":[{"count":4,"href":"https:\/\/www.generations.edu.mo\/pt-pt\/wp-json\/wp\/v2\/pages\/851\/revisions"}],"predecessor-version":[{"id":6063,"href":"https:\/\/www.generations.edu.mo\/pt-pt\/wp-json\/wp\/v2\/pages\/851\/revisions\/6063"}],"wp:attachment":[{"href":"https:\/\/www.generations.edu.mo\/pt-pt\/wp-json\/wp\/v2\/media?parent=851"}],"curies":[{"name":"wp","href":"https:\/\/api.w.org\/{rel}","templated":true}]}}