{"id":1338,"date":"2023-06-12T07:59:08","date_gmt":"2023-06-11T23:59:08","guid":{"rendered":"https:\/\/www.generations.edu.mo\/privacy-policy\/"},"modified":"2024-02-28T17:01:17","modified_gmt":"2024-02-28T09:01:17","slug":"privacy-policy","status":"publish","type":"page","link":"https:\/\/www.generations.edu.mo\/pt-pt\/privacy-policy\/","title":{"rendered":"Pol\u00edtica de Privacidade"},"content":{"rendered":"\n<p>A GENERATIONS \u2013 INTERNATIONAL SCHOOL, \u50b3\u627f\u570b\u969b\u5b78\u6821 ou GERA\u00c7\u00d5ES &#8211; ESCOLA INTERNACIONAL (doravante \u201cGENERATIONS\u201d) est\u00e1 empenhada em assegurar a prote\u00e7\u00e3o dos dados pessoais no estrito cumprimento dos princ\u00edpios da prote\u00e7\u00e3o de dados e de todas as disposi\u00e7\u00f5es previstas na Lei n\u00ba 8\/2005 (Lei de Protec\u00e7\u00e3o de Dados Pessoais de Macau).<\/p>\n\n\n\n<p>Na presente Pol\u00edtica de Privacidade explicamos que dados pessoais recolhemos, para que finalidades os podemos usar, com quem os partilhamos, durante quanto tempo os conservamos, bem como as formas de entrar em contacto connosco e exercer os seus direitos, no caso de ser titular de dados fornecidos.<\/p>\n\n\n\n<p><strong>1 \u2013 Entidade respons\u00e1vel pela recolha dos dados<\/strong><strong><\/strong><\/p>\n\n\n\n<p>GENERATIONS \u2013 INTERNATIONAL SCHOOL \u00e9 a entidade respons\u00e1vel pelo tratamento de dados pessoais.<\/p>\n\n\n\n<p>A GENERATIONS pode ser contactada atrav\u00e9s de:<\/p>\n\n\n\n<ul class=\"wp-block-list\">\n<li>endere\u00e7o de email: info@generationsmacau.com; ou,<\/li>\n\n\n\n<li>contacto para a morada: Lote 12 do Aterro da Conc\u00f3rdia, junto \u00e0 Estrada de Seac Pai Van, na Zona Industrial do Aterro de Seac Pai Van, na Ilha de Coloane (RAEM).<\/li>\n<\/ul>\n\n\n\n<p><strong>2 \u2013&nbsp;Quais os dados pessoais recolhidos pela GENERATIONS?<\/strong><strong><\/strong><\/p>\n\n\n\n<p>A GENERATIONS pode recolher os dados pessoais atrav\u00e9s do website, por e-mail, por contacto telef\u00f3nico ou presencialmente, nos boletins de matr\u00edcula e em outros formul\u00e1rios administrativos, na rece\u00e7\u00e3o de dados por transfer\u00eancia das escolas anteriores dos alunos e\/ou professores, entre outros.<\/p>\n\n\n\n<p>A GENERATIONS recolhe dados relativos a diferentes categorias de titulares de dados, como sejam, entre outros, alunos, colaboradores, docentes, clientes, colaboradores de clientes que sejam empresas, representantes dos \u00f3rg\u00e3os sociais da GENERATIONS e prestadores de servi\u00e7os.&nbsp;<\/p>\n\n\n\n<p>A GENERATIONS pode tratar diversas categorias de dados pessoais, nomeadamente:<\/p>\n\n\n\n<ul class=\"wp-block-list\">\n<li>dados de identifica\u00e7\u00e3o, por exemplo, nome, nacionalidade, filia\u00e7\u00e3o, estado civil, informa\u00e7\u00e3o sobre o agregado familiar, morada, fotografia, dados do documento de identifica\u00e7\u00e3o e passaporte;<\/li>\n\n\n\n<li>\u202fdados acad\u00e9micos e profissionais, por exemplo, comprovativos de grau acad\u00e9mico, diplomas, cartas de curso, CV, cargo, fun\u00e7\u00e3o, descri\u00e7\u00e3o da fun\u00e7\u00e3o, empresa, morada do escrit\u00f3rio;<\/li>\n\n\n\n<li>dados de atividade profissional, por exemplo, atividades de neg\u00f3cio, informa\u00e7\u00f5es relativas a processos;<\/li>\n\n\n\n<li>dados de contacto, por exemplo, n\u00fameros de telefone, telem\u00f3vel e endere\u00e7o de e-mail.<\/li>\n<\/ul>\n\n\n\n<p>Em muitas situa\u00e7\u00f5es, a GENERATIONS\u202fest\u00e1 legalmente obrigada a tratar dados de categorias especiais e dados sens\u00edveis, tais como dados de sa\u00fade, em especial de alunos, com vista a garantir a integridade f\u00edsica e mental, bem-estar e seguran\u00e7a dos mesmos.<\/p>\n\n\n\n<p><strong>3 \u2013 Para que finalidades a GENERATIONS trata os seus dados pessoais?<\/strong><\/p>\n\n\n\n<p>A recolha de dados pessoais destina-se a finalidades relacionadas principalmente com atividades respeitantes aos alunos, titulares de responsabilidade parental, pessoal docente e pessoal n\u00e3o docente. Abrange dados de alunos menores, representados pelo encarregado de educa\u00e7\u00e3o que faculta os dados necess\u00e1rios \u00e0 presta\u00e7\u00e3o de servi\u00e7os escolares durante a perman\u00eancia do aluno no estabelecimento, e dados de alunos de maioridade.<\/p>\n\n\n\n<p>A recolha de dados destina-se, igualmente, a:<strong><\/strong><\/p>\n\n\n\n<ul class=\"wp-block-list\">\n<li>Fornecer e gerir os servi\u00e7os solicitados pelo titular dos dados pessoais;<\/li>\n\n\n\n<li>Responder aos pedidos de informa\u00e7\u00e3o, que se relacionem com a oferta de servi\u00e7os da GENERATIONS ou outra quest\u00e3o que tenha originado o contacto;<\/li>\n\n\n\n<li>Avaliar a qualidade dos servi\u00e7os, uma vez que a recolha da opini\u00e3o dos titulares dos dados sobre a sua experi\u00eancia ajuda a GENERATIONS a melhorar a sua oferta;<\/li>\n\n\n\n<li>Promover Marketing, atrav\u00e9s da divulga\u00e7\u00e3o de todos os servi\u00e7os assegurados;<\/li>\n\n\n\n<li>Tratar os dados pessoais fornecidos, designadamente atrav\u00e9s do formul\u00e1rio \u201cCONTACTO\u201d. Os dados recolhidos s\u00e3o tratados com o fim de responder a pedidos de contacto.<strong><\/strong><\/li>\n<\/ul>\n\n\n\n<p><strong>4 \u2013 Qual \u00e9 a base jur\u00eddica para o tratamento?<\/strong><strong><\/strong><\/p>\n\n\n\n<ul class=\"wp-block-list\">\n<li>Consentimento expresso, pr\u00e9vio e prestado de forma livre, informada e inequ\u00edvoca, por exemplo, o consentimento do titular dos dados pessoais para a GENERATIONS poder utilizar, para efeitos de contacto, os seus dados pessoais transmitidos atrav\u00e9s do preenchimento do formul\u00e1rio de contacto dispon\u00edvel no site;<\/li>\n\n\n\n<li>Execu\u00e7\u00e3o de contrato no qual a GENERATIONS e o titular dos dados pessoais, s\u00e3o partes, ou para dilig\u00eancias pr\u00e9-contratuais a pedido do titular dos dados pessoais;<\/li>\n\n\n\n<li>Cumprimento de obriga\u00e7\u00e3o legal a que a GENERATIONS esteja sujeita e que se encontra prevista na lei;<\/li>\n\n\n\n<li>Interesse leg\u00edtimo prosseguido pela GENERATIONS ou por terceiros, como o tratamento de dados para melhoria de qualidade dos servi\u00e7os prestados.<\/li>\n<\/ul>\n\n\n\n<p><strong>5 \u2013 Quem s\u00e3o os destinat\u00e1rios dos dados pessoais?<\/strong><\/p>\n\n\n\n<ul class=\"wp-block-list\">\n<li>A GENERATIONS;<\/li>\n\n\n\n<li>Determinadas Entidades P\u00fablicas (em cumprimento da legisla\u00e7\u00e3o aplic\u00e1vel ou na execu\u00e7\u00e3o do servi\u00e7o p\u00fablico educativo, a GENERATIONS pode ter de comunicar os dados pessoais dos alunos, docentes, funcion\u00e1rios, entre outros), nomeadamente as seguintes:<br>\u2713&nbsp;&nbsp;&nbsp;&nbsp;&nbsp; Direc\u00e7\u00e3o dos Servi\u00e7os de Finan\u00e7as;<br>\u2713&nbsp;&nbsp;&nbsp;&nbsp;&nbsp; Direc\u00e7\u00e3o dos Servi\u00e7os de Educa\u00e7\u00e3o e de Desenvolvimento da Juventude;<br>\u2713&nbsp;&nbsp;&nbsp;&nbsp;&nbsp; Direc\u00e7\u00e3o dos Servi\u00e7os para os Assuntos Laborais;<br>\u2713&nbsp;&nbsp;&nbsp;&nbsp;&nbsp; Fundo de Desenvolvimento Educativo.<\/li>\n<\/ul>\n\n\n\n<ul class=\"wp-block-list\">\n<li>Outras entidades: a presta\u00e7\u00e3o de informa\u00e7\u00f5es ou de servi\u00e7os por parte da GENERATIONS pode implicar a utiliza\u00e7\u00e3o de servi\u00e7os de terceiros subcontratados que envolva o tratamento dos seus dados pessoais, o que pode implicar o acesso desses terceiros aos seus dados pessoais.<\/li>\n<\/ul>\n\n\n\n<p>Nessas circunst\u00e2ncias, a GENERATIONS utilizar\u00e1 apenas entidades subcontratadas que apresentem garantias suficientes para levar a cabo as medidas t\u00e9cnicas e organizativas adequadas de modo a que o tratamento em causa cumpra os requisitos da legisla\u00e7\u00e3o de prote\u00e7\u00e3o de dados e tais garantias e obriga\u00e7\u00f5es do subcontratado ser\u00e3o estabelecidas por acordo assinado para o efeito entre a GENERATIONS e um desses terceiros.<\/p>\n\n\n\n<p>A GENERATIONS assegurar\u00e1 que tais transfer\u00eancias de dados pessoais sejam realizadas em estrita conformidade com as normas legais de prote\u00e7\u00e3o de dados pessoais aplic\u00e1veis.<\/p>\n\n\n\n<p><strong>6 \u2013 Durante quanto tempo conservamos os dados?<\/strong><strong><\/strong><\/p>\n\n\n\n<p>A GENERATIONS conserva os dados pessoais do utilizador apenas pelo per\u00edodo de tempo necess\u00e1rio para o cumprimento das finalidades que motivaram a sua recolha, e estar\u00e1 sempre de acordo com a lei n\u00ba 8\/2005 (Lei de Protec\u00e7\u00e3o de Dados Pessoais de Macau).<\/p>\n\n\n\n<p><strong>7 \u2013 Quais os direitos dos titulares dos dados?<\/strong><strong><\/strong><\/p>\n\n\n\n<p>O titular de dados pessoais, em rela\u00e7\u00e3o aos dados pessoais objeto de tratamento por parte da GENERATIONS, tem os seguintes direitos:<\/p>\n\n\n\n<ul class=\"wp-block-list\">\n<li>O direito de acesso aos seus dados pessoais;<\/li>\n\n\n\n<li>O direito de retifica\u00e7\u00e3o dos seus dados pessoais;<\/li>\n\n\n\n<li>O direito \u00e0 elimina\u00e7\u00e3o dos seus dados pessoais;<\/li>\n\n\n\n<li>O direito \u00e0 limita\u00e7\u00e3o do tratamento dos seus dados pessoais;<\/li>\n\n\n\n<li>O direito de portabilidade dos dados pessoais por si fornecidos;<\/li>\n\n\n\n<li>O direito de oposi\u00e7\u00e3o a determinado tratamento de dados pessoais que lhe digam respeito.<\/li>\n<\/ul>\n\n\n\n<p>Quando o tratamento se baseie no seu consentimento, o titular de dados pessoais tem o direito de o retirar a qualquer altura, sem comprometer a licitude do tratamento efetuado pela GENERATIONS com base no consentimento previamente dado.<\/p>\n\n\n\n<p>Note que fica reservado o direito de recusa de pedidos de apagamento de dados, caso a elimina\u00e7\u00e3o da informa\u00e7\u00e3o interfira com, ou impossibilite, a presta\u00e7\u00e3o de servi\u00e7os ou o exerc\u00edcio de atividades educativas, nos termos legais. Os pedidos de elimina\u00e7\u00e3o de dados que impossibilitem a gest\u00e3o administrativa e pedag\u00f3gica de alunos e a gest\u00e3o administrativa de docentes n\u00e3o s\u00e3o considerados para efeitos do direito ao esquecimento.&nbsp;<\/p>\n\n\n\n<p><strong>8 \u2013 Pol\u00edtica de Cookies<\/strong><\/p>\n\n\n\n<p><strong>O que s\u00e3o cookies?<\/strong><\/p>\n\n\n\n<p>Um cookie \u00e9 um pequeno arquivo de texto que identifica o seu computador num determinado servidor, como \u00e9 o caso do usado pela GENERATIONS.<\/p>\n\n\n\n<p>Os cookies em si:<\/p>\n\n\n\n<ul class=\"wp-block-list\">\n<li>n\u00e3o identificam o usu\u00e1rio individual, apenas o computador utilizado;<\/li>\n\n\n\n<li>n\u00e3o s\u00e3o usados para recolher informa\u00e7\u00f5es pessoais;<\/li>\n\n\n\n<li>servem para ajudar a determinar a utilidade, interesse e o n\u00famero de utiliza\u00e7\u00f5es do site da GENERATIONS, permitindo uma navega\u00e7\u00e3o mais r\u00e1pida e eficiente;<\/li>\n\n\n\n<li>permitem analisar tr\u00e1fego com o objetivo de melhorar o servi\u00e7o da GENERATIONS.<\/li>\n<\/ul>\n\n\n\n<p><strong>Como gerir os cookies?<\/strong><\/p>\n\n\n\n<p>Os navegadores da Web permitem exercer algum controle de cookies atrav\u00e9s das configura\u00e7\u00f5es do navegador.<\/p>\n\n\n\n<p>A maioria dos navegadores:<\/p>\n\n\n\n<ul class=\"wp-block-list\">\n<li>permite bloquear cookies;<\/li>\n\n\n\n<li>pode ajudar a apagar os cookies quando fechado. O utilizador deve ter em aten\u00e7\u00e3o que quaisquer ops-outs ou prefer\u00eancias definidas no site ser\u00e3o perdidas.<\/li>\n<\/ul>\n\n\n\n<p>Para saber mais sobre os cookies, incluindo a forma de ver como os cookies foram criados e como gerenciar e exclu\u00ed-los, visite www.allaboutcookies.org que inclui informa\u00e7\u00f5es sobre como gerir as suas configura\u00e7\u00f5es para os v\u00e1rios fornecedores de navegadores.<\/p>\n\n\n\n<p><strong>9 \u2013 Altera\u00e7\u00f5es \u00e0 Pol\u00edtica de Privacidade&nbsp;<\/strong><strong><\/strong><\/p>\n\n\n\n<p>A GENERATIONS reserva-se o direito de atualizar ou modificar a presente Pol\u00edtica de Privacidade a qualquer momento, nomeadamente, de forma a adapt\u00e1-la a altera\u00e7\u00f5es legislativas, sendo tais altera\u00e7\u00f5es publicadas no site.<\/p>\n\n\n\n<p><strong>10 \u2013 Outras informa\u00e7\u00f5es&nbsp;<\/strong><strong><\/strong><\/p>\n\n\n\n<p>A GENERATIONS exclui a sua responsabilidade por quaisquer danos que poder\u00e3o ocorrer relacionados com a informa\u00e7\u00e3o contida neste site que tem car\u00e1ter meramente informativo.<\/p>\n\n\n\n<p>Todos os conte\u00fados do site (nomeadamente textos e imagens) e respetivos direitos s\u00e3o da titularidade exclusiva da GENERATIONS.<\/p>\n\n\n\n<p><strong>11 \u2013 D\u00favidas?<\/strong><strong><\/strong><\/p>\n\n\n\n<p>Se tiver qualquer d\u00favida sobre alguma das quest\u00f5es abordadas na presente pol\u00edtica de privacidade, agradecemos que nos contacte atrav\u00e9s de:<\/p>\n\n\n\n<ul class=\"wp-block-list\">\n<li>e-mail info@generations.com;<\/li>\n<\/ul>\n\n\n\n<p>ou<\/p>\n\n\n\n<ul class=\"wp-block-list\">\n<li>por carta para a seguinte morada: Lote 12 do Aterro da Conc\u00f3rdia, junto \u00e0 Estrada de Seac Pai Van, na Zona Industrial do Aterro de Seac Pai Van, na Ilha de Coloane (RAEM).&nbsp;<\/li>\n<\/ul>\n","protected":false},"excerpt":{"rendered":"<p>A GENERATIONS \u2013 INTERNATIONAL SCHOOL, \u50b3\u627f\u570b\u969b\u5b78\u6821 ou GERA\u00c7\u00d5ES &#8211; ESCOLA INTERNACIONAL (doravante \u201cGENERATIONS\u201d) est\u00e1 empenhada em assegurar a prote\u00e7\u00e3o dos dados pessoais no estrito cumprimento dos princ\u00edpios da prote\u00e7\u00e3o de dados e de todas as disposi\u00e7\u00f5es previstas na Lei n\u00ba 8\/2005 (Lei de Protec\u00e7\u00e3o de Dados Pessoais de Macau). Na presente Pol\u00edtica de Privacidade explicamos [&hellip;]<\/p>\n","protected":false},"author":1,"featured_media":0,"parent":0,"menu_order":0,"comment_status":"closed","ping_status":"open","template":"","meta":{"_acf_changed":false,"footnotes":""},"class_list":["post-1338","page","type-page","status-publish","hentry"],"acf":{"banner":""},"_links":{"self":[{"href":"https:\/\/www.generations.edu.mo\/pt-pt\/wp-json\/wp\/v2\/pages\/1338"}],"collection":[{"href":"https:\/\/www.generations.edu.mo\/pt-pt\/wp-json\/wp\/v2\/pages"}],"about":[{"href":"https:\/\/www.generations.edu.mo\/pt-pt\/wp-json\/wp\/v2\/types\/page"}],"author":[{"embeddable":true,"href":"https:\/\/www.generations.edu.mo\/pt-pt\/wp-json\/wp\/v2\/users\/1"}],"replies":[{"embeddable":true,"href":"https:\/\/www.generations.edu.mo\/pt-pt\/wp-json\/wp\/v2\/comments?post=1338"}],"version-history":[{"count":1,"href":"https:\/\/www.generations.edu.mo\/pt-pt\/wp-json\/wp\/v2\/pages\/1338\/revisions"}],"predecessor-version":[{"id":1339,"href":"https:\/\/www.generations.edu.mo\/pt-pt\/wp-json\/wp\/v2\/pages\/1338\/revisions\/1339"}],"wp:attachment":[{"href":"https:\/\/www.generations.edu.mo\/pt-pt\/wp-json\/wp\/v2\/media?parent=1338"}],"curies":[{"name":"wp","href":"https:\/\/api.w.org\/{rel}","templated":true}]}}